 {"id":20129,"date":"2023-01-24T15:00:31","date_gmt":"2023-01-24T13:00:31","guid":{"rendered":"https:\/\/www.nexeimpressions.com\/?post_type=portfolio_page&#038;p=20129"},"modified":"2023-02-09T18:47:22","modified_gmt":"2023-02-09T16:47:22","slug":"campagne-xmas-dries-van-noten-groupe-puig","status":"publish","type":"portfolio_page","link":"https:\/\/nexeimpressions.com\/fr\/portfolio_page\/campagne-xmas-dries-van-noten-groupe-puig\/","title":{"rendered":"Campagne Xmas &#8211; Dries Van Noten (Groupe Puig)"},"content":{"rendered":"<div class=\"wpb-content-wrapper\"><p>[vc_row css_animation=\u00a0\u00bb\u00a0\u00bb row_type=\u00a0\u00bbrow\u00a0\u00bb use_row_as_full_screen_section=\u00a0\u00bbno\u00a0\u00bb type=\u00a0\u00bbfull_width\u00a0\u00bb angled_section=\u00a0\u00bbno\u00a0\u00bb text_align=\u00a0\u00bbleft\u00a0\u00bb background_image_as_pattern=\u00a0\u00bbwithout_pattern\u00a0\u00bb][vc_column][vc_column_text]<\/p>\n<h1>Dries Van Noten (Groupe Puig)<\/h1>\n<p>[\/vc_column_text][vc_empty_space height=\u00a0\u00bb20px\u00a0\u00bb][vc_column_text]<\/p>\n<h2>Campagne Xmas<\/h2>\n<p>[\/vc_column_text][vc_empty_space height=\u00a0\u00bb60px\u00a0\u00bb][vc_column_text]<\/p>\n<p><a href=\"https:\/\/www.driesvannoten.com\/en-fr\"><strong>Dries Van Noten<\/strong><\/a> est une entreprise belge embl\u00e9matique du monde de la mode qui fait partie du <a href=\"https:\/\/www.puig.com\/fr\/marques\/dries-van-noten\"><strong>Groupe Puig<\/strong><\/a>. Gr\u00e2ce \u00e0 son esth\u00e9tique avant-gardiste, elle se d\u00e9finit en transcendant les tendances et le temps. \u00c0 l&rsquo;occasion des f\u00eates de fin d&rsquo;ann\u00e9e, ils ont lanc\u00e9 la campagne <strong>Xmas<\/strong>.<\/p>\n<p>&nbsp;<\/p>\n<p>Chez <strong>Nexe Impressions<\/strong>, nous avons travaill\u00e9 sur cette campagne en collaboration avec son d\u00e9partement de communication et de marketing, en coordonnant et en r\u00e9alisant la production graphique de ce projet. Le r\u00e9sultat de cette collaboration est un cadeau promotionnel compos\u00e9 d&rsquo;un <strong>coffret<\/strong>, d&rsquo;une <strong>enveloppe<\/strong> personnalis\u00e9e et d&rsquo;une <strong>carte-postale<\/strong>.<\/p>\n<p>&nbsp;<\/p>\n<p>Un projet int\u00e9ressant : Le style r\u00e9volutionnaire de <strong>Dries Van Noten<\/strong> se refl\u00e8te dans la complexit\u00e9 des finitions, pr\u00e9sentant un produit embl\u00e9matique.<\/p>\n<p>[\/vc_column_text][vc_empty_space height=\u00a0\u00bb50px\u00a0\u00bb][\/vc_column][\/vc_row][vc_row css_animation=\u00a0\u00bb\u00a0\u00bb row_type=\u00a0\u00bbrow\u00a0\u00bb use_row_as_full_screen_section=\u00a0\u00bbno\u00a0\u00bb type=\u00a0\u00bbfull_width\u00a0\u00bb angled_section=\u00a0\u00bbno\u00a0\u00bb text_align=\u00a0\u00bbleft\u00a0\u00bb background_image_as_pattern=\u00a0\u00bbwithout_pattern\u00a0\u00bb][vc_column][\/vc_column][\/vc_row][vc_row css_animation=\u00a0\u00bb\u00a0\u00bb row_type=\u00a0\u00bbrow\u00a0\u00bb use_row_as_full_screen_section=\u00a0\u00bbno\u00a0\u00bb type=\u00a0\u00bbfull_width\u00a0\u00bb angled_section=\u00a0\u00bbno\u00a0\u00bb text_align=\u00a0\u00bbleft\u00a0\u00bb background_image_as_pattern=\u00a0\u00bbwithout_pattern\u00a0\u00bb][vc_column][vc_column_text]<strong>Sp\u00e9cifications<\/strong>[\/vc_column_text][vc_empty_space height=\u00a0\u00bb30px\u00a0\u00bb][vc_column_text]<strong>BO\u00ceTE-\u00c9TUI<\/strong>[\/vc_column_text][vc_empty_space height=\u00a0\u00bb15px\u00a0\u00bb][vc_column_text]<b>Printing<\/b><span style=\"font-weight: 400;\">:<\/span><\/p>\n<p>Offset UV, a 4\/0 encres CMJN<\/p>\n<p><b>Papier<\/b><span style=\"font-weight: 400;\">:<\/span><\/p>\n<p>Gris compact 2\/c au cerceau et au support du dos.<\/p>\n<p>Old Mill Premium White 130 g. sur la doublure ext\u00e9rieure et l&rsquo;int\u00e9rieur de l&rsquo;anneau.<\/p>\n<p>Old Mill Premium White 190 g. sur le support int\u00e9rieur.<\/p>\n<p><strong>Finitions<\/strong>:<\/p>\n<p>Estampage en or<\/p>\n<p>Fermeture aimant\u00e9e<\/p>\n<p>[\/vc_column_text][vc_empty_space height=\u00a0\u00bb30px\u00a0\u00bb][vc_column_text]<b>ENVELOPPE<\/b>[\/vc_column_text][vc_empty_space height=\u00a0\u00bb15px\u00a0\u00bb][vc_column_text]<b>Impression<\/b>:<\/p>\n<p><span style=\"font-weight: 400;\">LED UV, a 4\/4 encres CMJN<\/span><\/p>\n<p><b>Papier<\/b><span style=\"font-weight: 400;\">:<\/span><\/p>\n<p><span style=\"font-weight: 400;\">Old Mill Premium White 190 g.<\/span><\/p>\n<p><b>Finitions<\/b><span style=\"font-weight: 400;\">:<\/span><\/p>\n<p>Estampage KURZ 415<\/p>\n<p>Fermeture par bande adh\u00e9sive avec bande silicone sur le rabat[\/vc_column_text][vc_empty_space height=\u00a0\u00bb30px\u00a0\u00bb][vc_column_text]<b>CARTE POSTALE<\/b>[\/vc_column_text][vc_empty_space height=\u00a0\u00bb15px\u00a0\u00bb][vc_column_text]<b>Impression:<\/b><\/p>\n<p><span style=\"font-weight: 400;\">LED UV, a 4\/1 encres CMJN<\/span><\/p>\n<p><b>Papier<\/b><span style=\"font-weight: 400;\">:<\/span><\/p>\n<p><span style=\"font-weight: 400;\">Carton graphique Invercote G 300 g.<\/span><\/p>\n<p><b>Finitions<\/b><span style=\"font-weight: 400;\">:<\/span><\/p>\n<p>Vernis UVI brillant avec r\u00e9serve[\/vc_column_text][\/vc_column][\/vc_row][vc_row css_animation=\u00a0\u00bb\u00a0\u00bb row_type=\u00a0\u00bbrow\u00a0\u00bb use_row_as_full_screen_section=\u00a0\u00bbno\u00a0\u00bb type=\u00a0\u00bbfull_width\u00a0\u00bb angled_section=\u00a0\u00bbno\u00a0\u00bb text_align=\u00a0\u00bbleft\u00a0\u00bb background_image_as_pattern=\u00a0\u00bbwithout_pattern\u00a0\u00bb][vc_column][vc_empty_space height=\u00a0\u00bb60px\u00a0\u00bb][\/vc_column][\/vc_row]<\/p>\n<\/div>","protected":false},"excerpt":{"rendered":"<p>[vc_row css_animation=\u00a0\u00bb\u00a0\u00bb row_type=\u00a0\u00bbrow\u00a0\u00bb use_row_as_full_screen_section=\u00a0\u00bbno\u00a0\u00bb type=\u00a0\u00bbfull_width\u00a0\u00bb angled_section=\u00a0\u00bbno\u00a0\u00bb text_align=\u00a0\u00bbleft\u00a0\u00bb background_image_as_pattern=\u00a0\u00bbwithout_pattern\u00a0\u00bb][vc_column][vc_column_text] Dries Van Noten (Groupe Puig) [\/vc_column_text][vc_empty_space height=\u00a0\u00bb20px\u00a0\u00bb][vc_column_text] Campagne Xmas [\/vc_column_text][vc_empty_space height=\u00a0\u00bb60px\u00a0\u00bb][vc_column_text] Dries Van Noten est une entreprise belge embl\u00e9matique du monde de la mode qui fait partie du Groupe Puig. Gr\u00e2ce \u00e0 son esth\u00e9tique avant-gardiste, elle se&#8230;<\/p>\n","protected":false},"author":1,"featured_media":20123,"menu_order":302,"comment_status":"open","ping_status":"closed","template":"","portfolio_category":[483,355],"portfolio_tag":[321,323,325],"class_list":["post-20129","portfolio_page","type-portfolio_page","status-publish","has-post-thumbnail","hentry","portfolio_category-packaging-fr","portfolio_category-press-kit-fr","portfolio_tag-dorure-a-chaud","portfolio_tag-etui","portfolio_tag-led-uv-fr"],"yoast_head":"<!-- This site is optimized with the Yoast SEO plugin v25.0 - https:\/\/yoast.com\/wordpress\/plugins\/seo\/ -->\n<title>Campagne Xmas - Dries Van Noten (Groupe Puig) &#8211; Nexe Impressions<\/title>\n<meta name=\"description\" content=\"Dries Van Noten (Groupe Puig) Campagne Xmas Dries Van Noten est une entreprise belge embl\u00e9matique du monde de la mode qui fait partie du Groupe Puig. Production graphique des bo\u00eetes cadeaux estampill\u00e9es d&#039;or pour la campagne Xmas de Dries Van Noten (Groupe Puig) avec une carte postale et une enveloppe personnalis\u00e9e.\" \/>\n<meta name=\"robots\" content=\"index, follow, max-snippet:-1, max-image-preview:large, max-video-preview:-1\" \/>\n<link rel=\"canonical\" href=\"https:\/\/nexeimpressions.com\/fr\/portfolio_page\/campagne-xmas-dries-van-noten-groupe-puig\/\" \/>\n<meta property=\"og:locale\" content=\"fr_FR\" \/>\n<meta property=\"og:type\" content=\"article\" \/>\n<meta property=\"og:title\" content=\"Campagne Xmas - Dries Van Noten (Groupe Puig) &#8211; Nexe Impressions\" \/>\n<meta property=\"og:description\" content=\"Dries Van Noten (Groupe Puig) Campagne Xmas Dries Van Noten est une entreprise belge embl\u00e9matique du monde de la mode qui fait partie du Groupe Puig. Production graphique des bo\u00eetes cadeaux estampill\u00e9es d&#039;or pour la campagne Xmas de Dries Van Noten (Groupe Puig) avec une carte postale et une enveloppe personnalis\u00e9e.\" \/>\n<meta property=\"og:url\" content=\"https:\/\/nexeimpressions.com\/fr\/portfolio_page\/campagne-xmas-dries-van-noten-groupe-puig\/\" \/>\n<meta property=\"og:site_name\" content=\"Nexe Impressions\" \/>\n<meta property=\"article:publisher\" content=\"https:\/\/www.facebook.com\/nexeimpressions\" \/>\n<meta property=\"article:modified_time\" content=\"2023-02-09T16:47:22+00:00\" \/>\n<meta property=\"og:image\" content=\"https:\/\/nexeimpressions.com\/wp-content\/uploads\/2023\/01\/1000x1000_MG_0465.jpg\" \/>\n\t<meta property=\"og:image:width\" content=\"1000\" \/>\n\t<meta property=\"og:image:height\" content=\"1000\" \/>\n\t<meta property=\"og:image:type\" content=\"image\/jpeg\" \/>\n<meta name=\"twitter:card\" content=\"summary_large_image\" \/>\n<meta name=\"twitter:label1\" content=\"Dur\u00e9e de lecture estim\u00e9e\" \/>\n\t<meta name=\"twitter:data1\" content=\"2 minutes\" \/>\n<script type=\"application\/ld+json\" class=\"yoast-schema-graph\">{\"@context\":\"https:\/\/schema.org\",\"@graph\":[{\"@type\":\"WebPage\",\"@id\":\"https:\/\/nexeimpressions.com\/fr\/portfolio_page\/campagne-xmas-dries-van-noten-groupe-puig\/\",\"url\":\"https:\/\/nexeimpressions.com\/fr\/portfolio_page\/campagne-xmas-dries-van-noten-groupe-puig\/\",\"name\":\"Campagne Xmas - Dries Van Noten (Groupe Puig) &#8211; Nexe Impressions\",\"isPartOf\":{\"@id\":\"https:\/\/nexeimpressions.com\/fr\/#website\"},\"primaryImageOfPage\":{\"@id\":\"https:\/\/nexeimpressions.com\/fr\/portfolio_page\/campagne-xmas-dries-van-noten-groupe-puig\/#primaryimage\"},\"image\":{\"@id\":\"https:\/\/nexeimpressions.com\/fr\/portfolio_page\/campagne-xmas-dries-van-noten-groupe-puig\/#primaryimage\"},\"thumbnailUrl\":\"https:\/\/nexeimpressions.com\/wp-content\/uploads\/2023\/01\/1000x1000_MG_0465.jpg\",\"datePublished\":\"2023-01-24T13:00:31+00:00\",\"dateModified\":\"2023-02-09T16:47:22+00:00\",\"description\":\"Dries Van Noten (Groupe Puig) Campagne Xmas Dries Van Noten est une entreprise belge embl\u00e9matique du monde de la mode qui fait partie du Groupe Puig. Production graphique des bo\u00eetes cadeaux estampill\u00e9es d'or pour la campagne Xmas de Dries Van Noten (Groupe Puig) avec une carte postale et une enveloppe personnalis\u00e9e.\",\"breadcrumb\":{\"@id\":\"https:\/\/nexeimpressions.com\/fr\/portfolio_page\/campagne-xmas-dries-van-noten-groupe-puig\/#breadcrumb\"},\"inLanguage\":\"fr-FR\",\"potentialAction\":[{\"@type\":\"ReadAction\",\"target\":[\"https:\/\/nexeimpressions.com\/fr\/portfolio_page\/campagne-xmas-dries-van-noten-groupe-puig\/\"]}]},{\"@type\":\"ImageObject\",\"inLanguage\":\"fr-FR\",\"@id\":\"https:\/\/nexeimpressions.com\/fr\/portfolio_page\/campagne-xmas-dries-van-noten-groupe-puig\/#primaryimage\",\"url\":\"https:\/\/nexeimpressions.com\/wp-content\/uploads\/2023\/01\/1000x1000_MG_0465.jpg\",\"contentUrl\":\"https:\/\/nexeimpressions.com\/wp-content\/uploads\/2023\/01\/1000x1000_MG_0465.jpg\",\"width\":1000,\"height\":1000},{\"@type\":\"BreadcrumbList\",\"@id\":\"https:\/\/nexeimpressions.com\/fr\/portfolio_page\/campagne-xmas-dries-van-noten-groupe-puig\/#breadcrumb\",\"itemListElement\":[{\"@type\":\"ListItem\",\"position\":1,\"name\":\"Home\",\"item\":\"https:\/\/nexeimpressions.com\/fr\/\"},{\"@type\":\"ListItem\",\"position\":2,\"name\":\"Portfolio\",\"item\":\"https:\/\/nexeimpressions.com\/fr\/portfolio_page\/\"},{\"@type\":\"ListItem\",\"position\":3,\"name\":\"Campagne Xmas &#8211; Dries Van Noten (Groupe Puig)\"}]},{\"@type\":\"WebSite\",\"@id\":\"https:\/\/nexeimpressions.com\/fr\/#website\",\"url\":\"https:\/\/nexeimpressions.com\/fr\/\",\"name\":\"Nexe Impressions\",\"description\":\"Print worthy\",\"potentialAction\":[{\"@type\":\"SearchAction\",\"target\":{\"@type\":\"EntryPoint\",\"urlTemplate\":\"https:\/\/nexeimpressions.com\/fr\/?s={search_term_string}\"},\"query-input\":{\"@type\":\"PropertyValueSpecification\",\"valueRequired\":true,\"valueName\":\"search_term_string\"}}],\"inLanguage\":\"fr-FR\"}]}<\/script>\n<!-- \/ Yoast SEO plugin. -->","yoast_head_json":{"title":"Campagne Xmas - Dries Van Noten (Groupe Puig) &#8211; Nexe Impressions","description":"Dries Van Noten (Groupe Puig) Campagne Xmas Dries Van Noten est une entreprise belge embl\u00e9matique du monde de la mode qui fait partie du Groupe Puig. Production graphique des bo\u00eetes cadeaux estampill\u00e9es d'or pour la campagne Xmas de Dries Van Noten (Groupe Puig) avec une carte postale et une enveloppe personnalis\u00e9e.","robots":{"index":"index","follow":"follow","max-snippet":"max-snippet:-1","max-image-preview":"max-image-preview:large","max-video-preview":"max-video-preview:-1"},"canonical":"https:\/\/nexeimpressions.com\/fr\/portfolio_page\/campagne-xmas-dries-van-noten-groupe-puig\/","og_locale":"fr_FR","og_type":"article","og_title":"Campagne Xmas - Dries Van Noten (Groupe Puig) &#8211; Nexe Impressions","og_description":"Dries Van Noten (Groupe Puig) Campagne Xmas Dries Van Noten est une entreprise belge embl\u00e9matique du monde de la mode qui fait partie du Groupe Puig. Production graphique des bo\u00eetes cadeaux estampill\u00e9es d'or pour la campagne Xmas de Dries Van Noten (Groupe Puig) avec une carte postale et une enveloppe personnalis\u00e9e.","og_url":"https:\/\/nexeimpressions.com\/fr\/portfolio_page\/campagne-xmas-dries-van-noten-groupe-puig\/","og_site_name":"Nexe Impressions","article_publisher":"https:\/\/www.facebook.com\/nexeimpressions","article_modified_time":"2023-02-09T16:47:22+00:00","og_image":[{"width":1000,"height":1000,"url":"https:\/\/nexeimpressions.com\/wp-content\/uploads\/2023\/01\/1000x1000_MG_0465.jpg","type":"image\/jpeg"}],"twitter_card":"summary_large_image","twitter_misc":{"Dur\u00e9e de lecture estim\u00e9e":"2 minutes"},"schema":{"@context":"https:\/\/schema.org","@graph":[{"@type":"WebPage","@id":"https:\/\/nexeimpressions.com\/fr\/portfolio_page\/campagne-xmas-dries-van-noten-groupe-puig\/","url":"https:\/\/nexeimpressions.com\/fr\/portfolio_page\/campagne-xmas-dries-van-noten-groupe-puig\/","name":"Campagne Xmas - Dries Van Noten (Groupe Puig) &#8211; Nexe Impressions","isPartOf":{"@id":"https:\/\/nexeimpressions.com\/fr\/#website"},"primaryImageOfPage":{"@id":"https:\/\/nexeimpressions.com\/fr\/portfolio_page\/campagne-xmas-dries-van-noten-groupe-puig\/#primaryimage"},"image":{"@id":"https:\/\/nexeimpressions.com\/fr\/portfolio_page\/campagne-xmas-dries-van-noten-groupe-puig\/#primaryimage"},"thumbnailUrl":"https:\/\/nexeimpressions.com\/wp-content\/uploads\/2023\/01\/1000x1000_MG_0465.jpg","datePublished":"2023-01-24T13:00:31+00:00","dateModified":"2023-02-09T16:47:22+00:00","description":"Dries Van Noten (Groupe Puig) Campagne Xmas Dries Van Noten est une entreprise belge embl\u00e9matique du monde de la mode qui fait partie du Groupe Puig. Production graphique des bo\u00eetes cadeaux estampill\u00e9es d'or pour la campagne Xmas de Dries Van Noten (Groupe Puig) avec une carte postale et une enveloppe personnalis\u00e9e.","breadcrumb":{"@id":"https:\/\/nexeimpressions.com\/fr\/portfolio_page\/campagne-xmas-dries-van-noten-groupe-puig\/#breadcrumb"},"inLanguage":"fr-FR","potentialAction":[{"@type":"ReadAction","target":["https:\/\/nexeimpressions.com\/fr\/portfolio_page\/campagne-xmas-dries-van-noten-groupe-puig\/"]}]},{"@type":"ImageObject","inLanguage":"fr-FR","@id":"https:\/\/nexeimpressions.com\/fr\/portfolio_page\/campagne-xmas-dries-van-noten-groupe-puig\/#primaryimage","url":"https:\/\/nexeimpressions.com\/wp-content\/uploads\/2023\/01\/1000x1000_MG_0465.jpg","contentUrl":"https:\/\/nexeimpressions.com\/wp-content\/uploads\/2023\/01\/1000x1000_MG_0465.jpg","width":1000,"height":1000},{"@type":"BreadcrumbList","@id":"https:\/\/nexeimpressions.com\/fr\/portfolio_page\/campagne-xmas-dries-van-noten-groupe-puig\/#breadcrumb","itemListElement":[{"@type":"ListItem","position":1,"name":"Home","item":"https:\/\/nexeimpressions.com\/fr\/"},{"@type":"ListItem","position":2,"name":"Portfolio","item":"https:\/\/nexeimpressions.com\/fr\/portfolio_page\/"},{"@type":"ListItem","position":3,"name":"Campagne Xmas &#8211; Dries Van Noten (Groupe Puig)"}]},{"@type":"WebSite","@id":"https:\/\/nexeimpressions.com\/fr\/#website","url":"https:\/\/nexeimpressions.com\/fr\/","name":"Nexe Impressions","description":"Print worthy","potentialAction":[{"@type":"SearchAction","target":{"@type":"EntryPoint","urlTemplate":"https:\/\/nexeimpressions.com\/fr\/?s={search_term_string}"},"query-input":{"@type":"PropertyValueSpecification","valueRequired":true,"valueName":"search_term_string"}}],"inLanguage":"fr-FR"}]}},"_links":{"self":[{"href":"https:\/\/nexeimpressions.com\/fr\/wp-json\/wp\/v2\/portfolio_page\/20129","targetHints":{"allow":["GET"]}}],"collection":[{"href":"https:\/\/nexeimpressions.com\/fr\/wp-json\/wp\/v2\/portfolio_page"}],"about":[{"href":"https:\/\/nexeimpressions.com\/fr\/wp-json\/wp\/v2\/types\/portfolio_page"}],"author":[{"embeddable":true,"href":"https:\/\/nexeimpressions.com\/fr\/wp-json\/wp\/v2\/users\/1"}],"replies":[{"embeddable":true,"href":"https:\/\/nexeimpressions.com\/fr\/wp-json\/wp\/v2\/comments?post=20129"}],"wp:featuredmedia":[{"embeddable":true,"href":"https:\/\/nexeimpressions.com\/fr\/wp-json\/wp\/v2\/media\/20123"}],"wp:attachment":[{"href":"https:\/\/nexeimpressions.com\/fr\/wp-json\/wp\/v2\/media?parent=20129"}],"wp:term":[{"taxonomy":"portfolio_category","embeddable":true,"href":"https:\/\/nexeimpressions.com\/fr\/wp-json\/wp\/v2\/portfolio_category?post=20129"},{"taxonomy":"portfolio_tag","embeddable":true,"href":"https:\/\/nexeimpressions.com\/fr\/wp-json\/wp\/v2\/portfolio_tag?post=20129"}],"curies":[{"name":"wp","href":"https:\/\/api.w.org\/{rel}","templated":true}]}}