 {"id":25211,"date":"2025-09-16T14:30:29","date_gmt":"2025-09-16T12:30:29","guid":{"rendered":"https:\/\/nexeimpressions.com\/?post_type=portfolio_page&#038;p=25211"},"modified":"2025-09-16T14:19:23","modified_gmt":"2025-09-16T12:19:23","slug":"museum-national-dhistoire-naturelle-deserts","status":"publish","type":"portfolio_page","link":"https:\/\/nexeimpressions.com\/fr\/portfolio_page\/museum-national-dhistoire-naturelle-deserts\/","title":{"rendered":"Mus\u00e9um national d&rsquo;Histoire naturelle &#8211; D\u00e9serts"},"content":{"rendered":"<div class=\"wpb-content-wrapper\"><p>[vc_row css_animation=\u00a0\u00bb\u00a0\u00bb row_type=\u00a0\u00bbrow\u00a0\u00bb use_row_as_full_screen_section=\u00a0\u00bbno\u00a0\u00bb type=\u00a0\u00bbfull_width\u00a0\u00bb angled_section=\u00a0\u00bbno\u00a0\u00bb text_align=\u00a0\u00bbleft\u00a0\u00bb background_image_as_pattern=\u00a0\u00bbwithout_pattern\u00a0\u00bb][vc_column][vc_column_text]<\/p>\n<h1>D\u00e9serts<\/h1>\n<p>[\/vc_column_text][vc_empty_space height=\u00a0\u00bb20px\u00a0\u00bb][vc_column_text]<\/p>\n<h2>Mus\u00e9um national d&rsquo;Histoire naturelle<\/h2>\n<p>[\/vc_column_text][vc_empty_space height=\u00a0\u00bb60px\u00a0\u00bb][vc_column_text]<\/p>\n<div class=\"wpb_text_column wpb_content_element \">\n<div class=\"wpb_wrapper\">\n<div class=\"wpb_text_column wpb_content_element \">\n<div class=\"wpb_wrapper\">\n<div class=\"wpb_text_column wpb_content_element \">\n<div class=\"wpb_wrapper\">\n<p>La publication <strong><em>D\u00e9serts. Vivre en milieu extr\u00eame<\/em><\/strong>, \u00e9dit\u00e9e par le <strong>Mus\u00e9um national d\u2019Histoire naturelle<\/strong>, accompagne l\u2019exposition homonyme du mus\u00e9e, qui invite le public \u00e0 explorer du d\u00e9sert du Sahara aux d\u00e9serts polaires. L\u2019ouvrage explore \u00e0 la fois les processus g\u00e9ologiques et biologiques ainsi que les pr\u00e9sences humaines qui d\u00e9fient des conditions extr\u00eames, et r\u00e9fl\u00e9chit \u00e0 la fragilit\u00e9 de ces \u00e9cosyst\u00e8mes dans un contexte de crise climatique.<\/p>\n<p>&nbsp;<\/p>\n<p>Le catalogue a \u00e9t\u00e9 imprim\u00e9 en collaboration avec <strong>Agpograf Impressors<\/strong>, et utilise les papiers Arena de <strong>Fedrigoni Paper<\/strong> imprim\u00e9s en quadrichromie. La reliure en <strong>broch\u00e9 cousu avec rabats<\/strong> facilite sa manipulation pendant la visite et maximise sa durabilit\u00e9. La couverture est finie avec un <strong>marquage \u00e0 chaud noir<\/strong>.<\/p>\n<p>[\/vc_column_text][vc_empty_space height=\u00a0\u00bb60px\u00a0\u00bb][\/vc_column][\/vc_row][vc_row css_animation=\u00a0\u00bb\u00a0\u00bb row_type=\u00a0\u00bbrow\u00a0\u00bb use_row_as_full_screen_section=\u00a0\u00bbno\u00a0\u00bb type=\u00a0\u00bbfull_width\u00a0\u00bb angled_section=\u00a0\u00bbno\u00a0\u00bb text_align=\u00a0\u00bbleft\u00a0\u00bb background_image_as_pattern=\u00a0\u00bbwithout_pattern\u00a0\u00bb][vc_column][vc_column_text]<strong>Sp\u00e9cifications<\/strong>[\/vc_column_text][vc_empty_space height=\u00a0\u00bb30px\u00a0\u00bb][vc_column_text]<strong>Format<\/strong><\/p>\n<p>21 x 24 cm<\/p>\n<p>&nbsp;<\/p>\n<p><strong>Papier<\/strong><\/p>\n<p>Int\u00e9rieur 168 pages : Arena EW Rough 120 g de <strong>Fedrigoni Paper<\/strong><\/p>\n<p>Couverture : Arena EW Smooth 250 g de <strong>Fedrigoni Paper<\/strong><\/p>\n<p>&nbsp;<\/p>\n<p><strong>Impression<\/strong><\/p>\n<p>4+4 CMJN<\/p>\n<p>&nbsp;<\/p>\n<p><strong>Reliure<\/strong><\/p>\n<p>Broch\u00e9 cousu avec rabats<\/p>\n<p>&nbsp;<\/p>\n<p><strong>Finitions<\/strong><\/p>\n<p>Marquage \u00e0 chaud sur la couverture<\/p>\n<p>[\/vc_column_text][\/vc_column][\/vc_row][vc_row css_animation=\u00a0\u00bb\u00a0\u00bb row_type=\u00a0\u00bbrow\u00a0\u00bb use_row_as_full_screen_section=\u00a0\u00bbno\u00a0\u00bb type=\u00a0\u00bbfull_width\u00a0\u00bb angled_section=\u00a0\u00bbno\u00a0\u00bb text_align=\u00a0\u00bbleft\u00a0\u00bb background_image_as_pattern=\u00a0\u00bbwithout_pattern\u00a0\u00bb][vc_column][vc_empty_space height=\u00a0\u00bb50px\u00a0\u00bb][\/vc_column][\/vc_row]<\/p>\n<\/div>\n<\/div>\n<\/div>\n<\/div>\n<\/div>\n<\/div>\n<\/div>","protected":false},"excerpt":{"rendered":"<p>La publication D\u00e9serts. Vivre en milieu extr\u00eame, \u00e9dit\u00e9e par le Mus\u00e9um national d\u2019Histoire naturelle, accompagne l\u2019exposition homonyme du mus\u00e9e, qui invite le public \u00e0 explorer du d\u00e9sert du Sahara aux d\u00e9serts polaires. L\u2019ouvrage explore \u00e0 la fois les processus g\u00e9ologiques et biologiques ainsi que les pr\u00e9sences humaines qui d\u00e9fient des conditions extr\u00eames, et r\u00e9fl\u00e9chit \u00e0 la fragilit\u00e9 de ces \u00e9cosyst\u00e8mes dans un contexte de crise climatique.<\/p>\n","protected":false},"author":1,"featured_media":25208,"menu_order":73,"comment_status":"open","ping_status":"closed","template":"","portfolio_category":[353],"portfolio_tag":[321,317,564],"class_list":["post-25211","portfolio_page","type-portfolio_page","status-publish","has-post-thumbnail","hentry","portfolio_category-editorial-fr","portfolio_tag-dorure-a-chaud","portfolio_tag-reliure-dos-carre-colle","portfolio_tag-solapes-fr"],"yoast_head":"<!-- This site is optimized with the Yoast SEO plugin v25.0 - https:\/\/yoast.com\/wordpress\/plugins\/seo\/ -->\n<title>Mus\u00e9um national d&#039;Histoire naturelle - D\u00e9serts &#8211; Nexe Impressions<\/title>\n<meta name=\"description\" content=\"La publication D\u00e9serts. Vivre en milieu extr\u00eame, \u00e9dit\u00e9e par le Mus\u00e9um national d\u2019Histoire naturelle, accompagne l\u2019exposition homonyme du mus\u00e9e, qui invite le public \u00e0 explorer du d\u00e9sert du Sahara aux d\u00e9serts polaires. L\u2019ouvrage explore \u00e0 la fois les processus g\u00e9ologiques et biologiques ainsi que les pr\u00e9sences humaines qui d\u00e9fient des conditions extr\u00eames, et r\u00e9fl\u00e9chit \u00e0 la fragilit\u00e9 de ces \u00e9cosyst\u00e8mes dans un contexte de crise climatique. La publication D\u00e9serts. Vivre en milieu extr\u00eame, \u00e9dit\u00e9e par le Mus\u00e9um national d\u2019Histoire naturelle, accompagne l\u2019exposition homonyme du mus\u00e9e, qui invite le public \u00e0 explorer du d\u00e9sert du Sahara aux d\u00e9serts polaires. L\u2019ouvrage explore \u00e0 la fois les processus g\u00e9ologiques et biologiques ainsi que les pr\u00e9sences humaines qui d\u00e9fient des conditions extr\u00eames, et r\u00e9fl\u00e9chit \u00e0 la fragilit\u00e9 de ces \u00e9cosyst\u00e8mes dans un contexte de crise climatique.\" \/>\n<meta name=\"robots\" content=\"index, follow, max-snippet:-1, max-image-preview:large, max-video-preview:-1\" \/>\n<link rel=\"canonical\" href=\"https:\/\/nexeimpressions.com\/fr\/portfolio_page\/museum-national-dhistoire-naturelle-deserts\/\" \/>\n<meta property=\"og:locale\" content=\"fr_FR\" \/>\n<meta property=\"og:type\" content=\"article\" \/>\n<meta property=\"og:title\" content=\"Mus\u00e9um national d&#039;Histoire naturelle - D\u00e9serts &#8211; Nexe Impressions\" \/>\n<meta property=\"og:description\" content=\"La publication D\u00e9serts. Vivre en milieu extr\u00eame, \u00e9dit\u00e9e par le Mus\u00e9um national d\u2019Histoire naturelle, accompagne l\u2019exposition homonyme du mus\u00e9e, qui invite le public \u00e0 explorer du d\u00e9sert du Sahara aux d\u00e9serts polaires. L\u2019ouvrage explore \u00e0 la fois les processus g\u00e9ologiques et biologiques ainsi que les pr\u00e9sences humaines qui d\u00e9fient des conditions extr\u00eames, et r\u00e9fl\u00e9chit \u00e0 la fragilit\u00e9 de ces \u00e9cosyst\u00e8mes dans un contexte de crise climatique. La publication D\u00e9serts. Vivre en milieu extr\u00eame, \u00e9dit\u00e9e par le Mus\u00e9um national d\u2019Histoire naturelle, accompagne l\u2019exposition homonyme du mus\u00e9e, qui invite le public \u00e0 explorer du d\u00e9sert du Sahara aux d\u00e9serts polaires. L\u2019ouvrage explore \u00e0 la fois les processus g\u00e9ologiques et biologiques ainsi que les pr\u00e9sences humaines qui d\u00e9fient des conditions extr\u00eames, et r\u00e9fl\u00e9chit \u00e0 la fragilit\u00e9 de ces \u00e9cosyst\u00e8mes dans un contexte de crise climatique.\" \/>\n<meta property=\"og:url\" content=\"https:\/\/nexeimpressions.com\/fr\/portfolio_page\/museum-national-dhistoire-naturelle-deserts\/\" \/>\n<meta property=\"og:site_name\" content=\"Nexe Impressions\" \/>\n<meta property=\"article:publisher\" content=\"https:\/\/www.facebook.com\/nexeimpressions\" \/>\n<meta property=\"og:image\" content=\"https:\/\/nexeimpressions.com\/wp-content\/uploads\/2025\/09\/Deserts_Museum_national_dhistoire_naturelle_1000x1000.jpg\" \/>\n\t<meta property=\"og:image:width\" content=\"1000\" \/>\n\t<meta property=\"og:image:height\" content=\"1000\" \/>\n\t<meta property=\"og:image:type\" content=\"image\/jpeg\" \/>\n<meta name=\"twitter:card\" content=\"summary_large_image\" \/>\n<meta name=\"twitter:label1\" content=\"Dur\u00e9e de lecture estim\u00e9e\" \/>\n\t<meta name=\"twitter:data1\" content=\"2 minutes\" \/>\n<script type=\"application\/ld+json\" class=\"yoast-schema-graph\">{\"@context\":\"https:\/\/schema.org\",\"@graph\":[{\"@type\":\"WebPage\",\"@id\":\"https:\/\/nexeimpressions.com\/fr\/portfolio_page\/museum-national-dhistoire-naturelle-deserts\/\",\"url\":\"https:\/\/nexeimpressions.com\/fr\/portfolio_page\/museum-national-dhistoire-naturelle-deserts\/\",\"name\":\"Mus\u00e9um national d'Histoire naturelle - D\u00e9serts &#8211; Nexe Impressions\",\"isPartOf\":{\"@id\":\"https:\/\/nexeimpressions.com\/fr\/#website\"},\"primaryImageOfPage\":{\"@id\":\"https:\/\/nexeimpressions.com\/fr\/portfolio_page\/museum-national-dhistoire-naturelle-deserts\/#primaryimage\"},\"image\":{\"@id\":\"https:\/\/nexeimpressions.com\/fr\/portfolio_page\/museum-national-dhistoire-naturelle-deserts\/#primaryimage\"},\"thumbnailUrl\":\"https:\/\/nexeimpressions.com\/wp-content\/uploads\/2025\/09\/Deserts_Museum_national_dhistoire_naturelle_1000x1000.jpg\",\"datePublished\":\"2025-09-16T12:30:29+00:00\",\"description\":\"La publication D\u00e9serts. Vivre en milieu extr\u00eame, \u00e9dit\u00e9e par le Mus\u00e9um national d\u2019Histoire naturelle, accompagne l\u2019exposition homonyme du mus\u00e9e, qui invite le public \u00e0 explorer du d\u00e9sert du Sahara aux d\u00e9serts polaires. L\u2019ouvrage explore \u00e0 la fois les processus g\u00e9ologiques et biologiques ainsi que les pr\u00e9sences humaines qui d\u00e9fient des conditions extr\u00eames, et r\u00e9fl\u00e9chit \u00e0 la fragilit\u00e9 de ces \u00e9cosyst\u00e8mes dans un contexte de crise climatique. La publication D\u00e9serts. Vivre en milieu extr\u00eame, \u00e9dit\u00e9e par le Mus\u00e9um national d\u2019Histoire naturelle, accompagne l\u2019exposition homonyme du mus\u00e9e, qui invite le public \u00e0 explorer du d\u00e9sert du Sahara aux d\u00e9serts polaires. L\u2019ouvrage explore \u00e0 la fois les processus g\u00e9ologiques et biologiques ainsi que les pr\u00e9sences humaines qui d\u00e9fient des conditions extr\u00eames, et r\u00e9fl\u00e9chit \u00e0 la fragilit\u00e9 de ces \u00e9cosyst\u00e8mes dans un contexte de crise climatique.\",\"breadcrumb\":{\"@id\":\"https:\/\/nexeimpressions.com\/fr\/portfolio_page\/museum-national-dhistoire-naturelle-deserts\/#breadcrumb\"},\"inLanguage\":\"fr-FR\",\"potentialAction\":[{\"@type\":\"ReadAction\",\"target\":[\"https:\/\/nexeimpressions.com\/fr\/portfolio_page\/museum-national-dhistoire-naturelle-deserts\/\"]}]},{\"@type\":\"ImageObject\",\"inLanguage\":\"fr-FR\",\"@id\":\"https:\/\/nexeimpressions.com\/fr\/portfolio_page\/museum-national-dhistoire-naturelle-deserts\/#primaryimage\",\"url\":\"https:\/\/nexeimpressions.com\/wp-content\/uploads\/2025\/09\/Deserts_Museum_national_dhistoire_naturelle_1000x1000.jpg\",\"contentUrl\":\"https:\/\/nexeimpressions.com\/wp-content\/uploads\/2025\/09\/Deserts_Museum_national_dhistoire_naturelle_1000x1000.jpg\",\"width\":1000,\"height\":1000,\"caption\":\"Deserts Museum\"},{\"@type\":\"BreadcrumbList\",\"@id\":\"https:\/\/nexeimpressions.com\/fr\/portfolio_page\/museum-national-dhistoire-naturelle-deserts\/#breadcrumb\",\"itemListElement\":[{\"@type\":\"ListItem\",\"position\":1,\"name\":\"Home\",\"item\":\"https:\/\/nexeimpressions.com\/fr\/\"},{\"@type\":\"ListItem\",\"position\":2,\"name\":\"Portfolio\",\"item\":\"https:\/\/nexeimpressions.com\/fr\/portfolio_page\/\"},{\"@type\":\"ListItem\",\"position\":3,\"name\":\"Mus\u00e9um national d&#8217;Histoire naturelle &#8211; D\u00e9serts\"}]},{\"@type\":\"WebSite\",\"@id\":\"https:\/\/nexeimpressions.com\/fr\/#website\",\"url\":\"https:\/\/nexeimpressions.com\/fr\/\",\"name\":\"Nexe Impressions\",\"description\":\"Print worthy\",\"potentialAction\":[{\"@type\":\"SearchAction\",\"target\":{\"@type\":\"EntryPoint\",\"urlTemplate\":\"https:\/\/nexeimpressions.com\/fr\/?s={search_term_string}\"},\"query-input\":{\"@type\":\"PropertyValueSpecification\",\"valueRequired\":true,\"valueName\":\"search_term_string\"}}],\"inLanguage\":\"fr-FR\"}]}<\/script>\n<!-- \/ Yoast SEO plugin. -->","yoast_head_json":{"title":"Mus\u00e9um national d'Histoire naturelle - D\u00e9serts &#8211; Nexe Impressions","description":"La publication D\u00e9serts. Vivre en milieu extr\u00eame, \u00e9dit\u00e9e par le Mus\u00e9um national d\u2019Histoire naturelle, accompagne l\u2019exposition homonyme du mus\u00e9e, qui invite le public \u00e0 explorer du d\u00e9sert du Sahara aux d\u00e9serts polaires. L\u2019ouvrage explore \u00e0 la fois les processus g\u00e9ologiques et biologiques ainsi que les pr\u00e9sences humaines qui d\u00e9fient des conditions extr\u00eames, et r\u00e9fl\u00e9chit \u00e0 la fragilit\u00e9 de ces \u00e9cosyst\u00e8mes dans un contexte de crise climatique. La publication D\u00e9serts. Vivre en milieu extr\u00eame, \u00e9dit\u00e9e par le Mus\u00e9um national d\u2019Histoire naturelle, accompagne l\u2019exposition homonyme du mus\u00e9e, qui invite le public \u00e0 explorer du d\u00e9sert du Sahara aux d\u00e9serts polaires. L\u2019ouvrage explore \u00e0 la fois les processus g\u00e9ologiques et biologiques ainsi que les pr\u00e9sences humaines qui d\u00e9fient des conditions extr\u00eames, et r\u00e9fl\u00e9chit \u00e0 la fragilit\u00e9 de ces \u00e9cosyst\u00e8mes dans un contexte de crise climatique.","robots":{"index":"index","follow":"follow","max-snippet":"max-snippet:-1","max-image-preview":"max-image-preview:large","max-video-preview":"max-video-preview:-1"},"canonical":"https:\/\/nexeimpressions.com\/fr\/portfolio_page\/museum-national-dhistoire-naturelle-deserts\/","og_locale":"fr_FR","og_type":"article","og_title":"Mus\u00e9um national d'Histoire naturelle - D\u00e9serts &#8211; Nexe Impressions","og_description":"La publication D\u00e9serts. Vivre en milieu extr\u00eame, \u00e9dit\u00e9e par le Mus\u00e9um national d\u2019Histoire naturelle, accompagne l\u2019exposition homonyme du mus\u00e9e, qui invite le public \u00e0 explorer du d\u00e9sert du Sahara aux d\u00e9serts polaires. L\u2019ouvrage explore \u00e0 la fois les processus g\u00e9ologiques et biologiques ainsi que les pr\u00e9sences humaines qui d\u00e9fient des conditions extr\u00eames, et r\u00e9fl\u00e9chit \u00e0 la fragilit\u00e9 de ces \u00e9cosyst\u00e8mes dans un contexte de crise climatique. La publication D\u00e9serts. Vivre en milieu extr\u00eame, \u00e9dit\u00e9e par le Mus\u00e9um national d\u2019Histoire naturelle, accompagne l\u2019exposition homonyme du mus\u00e9e, qui invite le public \u00e0 explorer du d\u00e9sert du Sahara aux d\u00e9serts polaires. L\u2019ouvrage explore \u00e0 la fois les processus g\u00e9ologiques et biologiques ainsi que les pr\u00e9sences humaines qui d\u00e9fient des conditions extr\u00eames, et r\u00e9fl\u00e9chit \u00e0 la fragilit\u00e9 de ces \u00e9cosyst\u00e8mes dans un contexte de crise climatique.","og_url":"https:\/\/nexeimpressions.com\/fr\/portfolio_page\/museum-national-dhistoire-naturelle-deserts\/","og_site_name":"Nexe Impressions","article_publisher":"https:\/\/www.facebook.com\/nexeimpressions","og_image":[{"width":1000,"height":1000,"url":"https:\/\/nexeimpressions.com\/wp-content\/uploads\/2025\/09\/Deserts_Museum_national_dhistoire_naturelle_1000x1000.jpg","type":"image\/jpeg"}],"twitter_card":"summary_large_image","twitter_misc":{"Dur\u00e9e de lecture estim\u00e9e":"2 minutes"},"schema":{"@context":"https:\/\/schema.org","@graph":[{"@type":"WebPage","@id":"https:\/\/nexeimpressions.com\/fr\/portfolio_page\/museum-national-dhistoire-naturelle-deserts\/","url":"https:\/\/nexeimpressions.com\/fr\/portfolio_page\/museum-national-dhistoire-naturelle-deserts\/","name":"Mus\u00e9um national d'Histoire naturelle - D\u00e9serts &#8211; Nexe Impressions","isPartOf":{"@id":"https:\/\/nexeimpressions.com\/fr\/#website"},"primaryImageOfPage":{"@id":"https:\/\/nexeimpressions.com\/fr\/portfolio_page\/museum-national-dhistoire-naturelle-deserts\/#primaryimage"},"image":{"@id":"https:\/\/nexeimpressions.com\/fr\/portfolio_page\/museum-national-dhistoire-naturelle-deserts\/#primaryimage"},"thumbnailUrl":"https:\/\/nexeimpressions.com\/wp-content\/uploads\/2025\/09\/Deserts_Museum_national_dhistoire_naturelle_1000x1000.jpg","datePublished":"2025-09-16T12:30:29+00:00","description":"La publication D\u00e9serts. Vivre en milieu extr\u00eame, \u00e9dit\u00e9e par le Mus\u00e9um national d\u2019Histoire naturelle, accompagne l\u2019exposition homonyme du mus\u00e9e, qui invite le public \u00e0 explorer du d\u00e9sert du Sahara aux d\u00e9serts polaires. L\u2019ouvrage explore \u00e0 la fois les processus g\u00e9ologiques et biologiques ainsi que les pr\u00e9sences humaines qui d\u00e9fient des conditions extr\u00eames, et r\u00e9fl\u00e9chit \u00e0 la fragilit\u00e9 de ces \u00e9cosyst\u00e8mes dans un contexte de crise climatique. La publication D\u00e9serts. Vivre en milieu extr\u00eame, \u00e9dit\u00e9e par le Mus\u00e9um national d\u2019Histoire naturelle, accompagne l\u2019exposition homonyme du mus\u00e9e, qui invite le public \u00e0 explorer du d\u00e9sert du Sahara aux d\u00e9serts polaires. L\u2019ouvrage explore \u00e0 la fois les processus g\u00e9ologiques et biologiques ainsi que les pr\u00e9sences humaines qui d\u00e9fient des conditions extr\u00eames, et r\u00e9fl\u00e9chit \u00e0 la fragilit\u00e9 de ces \u00e9cosyst\u00e8mes dans un contexte de crise climatique.","breadcrumb":{"@id":"https:\/\/nexeimpressions.com\/fr\/portfolio_page\/museum-national-dhistoire-naturelle-deserts\/#breadcrumb"},"inLanguage":"fr-FR","potentialAction":[{"@type":"ReadAction","target":["https:\/\/nexeimpressions.com\/fr\/portfolio_page\/museum-national-dhistoire-naturelle-deserts\/"]}]},{"@type":"ImageObject","inLanguage":"fr-FR","@id":"https:\/\/nexeimpressions.com\/fr\/portfolio_page\/museum-national-dhistoire-naturelle-deserts\/#primaryimage","url":"https:\/\/nexeimpressions.com\/wp-content\/uploads\/2025\/09\/Deserts_Museum_national_dhistoire_naturelle_1000x1000.jpg","contentUrl":"https:\/\/nexeimpressions.com\/wp-content\/uploads\/2025\/09\/Deserts_Museum_national_dhistoire_naturelle_1000x1000.jpg","width":1000,"height":1000,"caption":"Deserts Museum"},{"@type":"BreadcrumbList","@id":"https:\/\/nexeimpressions.com\/fr\/portfolio_page\/museum-national-dhistoire-naturelle-deserts\/#breadcrumb","itemListElement":[{"@type":"ListItem","position":1,"name":"Home","item":"https:\/\/nexeimpressions.com\/fr\/"},{"@type":"ListItem","position":2,"name":"Portfolio","item":"https:\/\/nexeimpressions.com\/fr\/portfolio_page\/"},{"@type":"ListItem","position":3,"name":"Mus\u00e9um national d&#8217;Histoire naturelle &#8211; D\u00e9serts"}]},{"@type":"WebSite","@id":"https:\/\/nexeimpressions.com\/fr\/#website","url":"https:\/\/nexeimpressions.com\/fr\/","name":"Nexe Impressions","description":"Print worthy","potentialAction":[{"@type":"SearchAction","target":{"@type":"EntryPoint","urlTemplate":"https:\/\/nexeimpressions.com\/fr\/?s={search_term_string}"},"query-input":{"@type":"PropertyValueSpecification","valueRequired":true,"valueName":"search_term_string"}}],"inLanguage":"fr-FR"}]}},"_links":{"self":[{"href":"https:\/\/nexeimpressions.com\/fr\/wp-json\/wp\/v2\/portfolio_page\/25211","targetHints":{"allow":["GET"]}}],"collection":[{"href":"https:\/\/nexeimpressions.com\/fr\/wp-json\/wp\/v2\/portfolio_page"}],"about":[{"href":"https:\/\/nexeimpressions.com\/fr\/wp-json\/wp\/v2\/types\/portfolio_page"}],"author":[{"embeddable":true,"href":"https:\/\/nexeimpressions.com\/fr\/wp-json\/wp\/v2\/users\/1"}],"replies":[{"embeddable":true,"href":"https:\/\/nexeimpressions.com\/fr\/wp-json\/wp\/v2\/comments?post=25211"}],"wp:featuredmedia":[{"embeddable":true,"href":"https:\/\/nexeimpressions.com\/fr\/wp-json\/wp\/v2\/media\/25208"}],"wp:attachment":[{"href":"https:\/\/nexeimpressions.com\/fr\/wp-json\/wp\/v2\/media?parent=25211"}],"wp:term":[{"taxonomy":"portfolio_category","embeddable":true,"href":"https:\/\/nexeimpressions.com\/fr\/wp-json\/wp\/v2\/portfolio_category?post=25211"},{"taxonomy":"portfolio_tag","embeddable":true,"href":"https:\/\/nexeimpressions.com\/fr\/wp-json\/wp\/v2\/portfolio_tag?post=25211"}],"curies":[{"name":"wp","href":"https:\/\/api.w.org\/{rel}","templated":true}]}}